{"id":45,"date":"2023-08-29T08:40:24","date_gmt":"2023-08-29T08:40:24","guid":{"rendered":"https:\/\/circulomercantilalmendralejo.com\/?page_id=45"},"modified":"2023-11-08T10:07:31","modified_gmt":"2023-11-08T10:07:31","slug":"historia","status":"publish","type":"page","link":"https:\/\/circulomercantilalmendralejo.com\/?page_id=45","title":{"rendered":"Historia"},"content":{"rendered":"\n<p>El C\u00edrculo Mercantil, convertido en Sociedad An\u00f3nima desde 1973, se ha ido desarrollando desde sus inicios, en el siglo pasado, en cuatro etapas bien diferenciadas, aprovechando, all\u00e1 por el a\u00f1o 1874, un caf\u00e9 situado en el mismo lugar donde se encuentra actualmente.<\/p>\n\n\n\n<p>En 1916 se constituy\u00f3, siendo su primer presidente D. Juan Luengo Mart\u00ednez, como sociedad cultural y recreativa, pas\u00e1ndose a llamar C\u00edrculo Mercantil y Agr\u00edcola, debido a la intensa actividad de intercambio comercial que se generar\u00eda en torno a sus salones, por los que pasaron aquellos hombres de esta ciudad comprometidos con el desarrollo econ\u00f3mico y cultural que abrir\u00eda las puertas de Almendralejo al comercio exterior y al intercambio con poblaciones importantes del pa\u00eds.<\/p>\n\n\n\n<p>En 1924, se transforma en Sociedad Limitada, siendo su presidente D. Juan Crespo Bermejo. Posteriormente en 1973 toma las siglas de Sociedad An\u00f3nima, recayendo la presidencia en esta ocasi\u00f3n en D. Antonio D\u00edaz Rodr\u00edguez.<\/p>\n\n\n\n<p>El edificio, construido por Juan Jos\u00e9 L\u00f3pez Sanz, tiene como base los dibujos de su colega y amigo el arquitecto An\u00edbal Gonz\u00e1lez, creador de la Primera Exposici\u00f3n Iberoamericana de Sevilla, modificando y levantando la planta de este.<\/p>\n\n\n\n<p>El edificio social est\u00e1 situado en el centro neur\u00e1lgico de la ciudad y su estado de conservaci\u00f3n, tras diferentes reformas de importancia en su interior, ha sido siempre notable, muy a pesar de las transformaciones de las que ha sido objeto desde su fundaci\u00f3n.<\/p>\n\n\n\n<p>Desde entonces y hasta el a\u00f1o 1972 se alberg\u00f3 en sus planas superiores una importante hospeder\u00eda conocida con el nombre de Hotel Espa\u00f1a. De esta \u00e9poca existe documentaci\u00f3n que atestigua que pronto se convertir\u00eda en el m\u00e1s prestigioso hotel de la ruta Madrid-Sevilla, raz\u00f3n por la cual tuvo muchas veces el honor de ser lugar de descanso de Monarcas, Jefes de Estado, Pol\u00edticos, Artistas y un sinf\u00edn de nombres relacionados con la vida p\u00fablica de este siglo. En los salones de esta Sociedad se han celebrado actos sociales y culturales de relieve internacional.<\/p>\n\n\n\n<p>En 1994 terminaron las \u00faltimas obras de remodelaci\u00f3n en el interior del edificio, consolid\u00e1ndose los proyectos que dieron paso a la creaci\u00f3n de nuevas dependencias entre las que cabe destacar el sal\u00f3n noble, sal\u00f3n de bodas, cafeter\u00eda, restaurante, sala de junta, biblioteca, salas de televisi\u00f3n y recreativas, guarder\u00eda infantil, terraza ascensor, etc\u2026 Todo ello realizado en armon\u00eda con la edificaci\u00f3n y dentro del m\u00e1ximo confort.<\/p>\n\n\n<div class='photonic-wp-stream photonic-stream ' id='photonic-wp-stream-1'>\n\n\t<div id='photonic-wp-stream-1-container' class='title-display-none photonic-level-1-container sizes-present photonic-random-layout photonic-thumbnail-effect-none' data-photonic-platform=\"wp\" data-photonic-gallery-columns=\"auto\" data-photonic-query=\"order=ASC&amp;orderby=post__in&amp;id=45&amp;itemtag=figure&amp;icontag=div&amp;captiontag=figcaption&amp;size=thumbnail&amp;include=335,331,336,332&amp;exclude=&amp;link=&amp;offset=0&amp;layout=random&amp;custom_classes=&amp;alignment=&amp;caption=title&amp;page=1&amp;count=-1&amp;thumb_size=thumbnail&amp;slide_size=large&amp;type=default&amp;style=random&amp;display=local&amp;ids=335,331,336,332&amp;title_position=none&amp;main_size=full&amp;tile_size=full&amp;columns=auto\" style='--tile-min-height: 200px'>\n\t\t<figure class='photonic-level-1 photonic-thumb' style='--dw: 720;--dh: 470'>\n\t\t\t<a href='https:\/\/circulomercantilalmendralejo.com\/wp-content\/uploads\/2023\/11\/WhatsApp-Image-2023-11-07-at-19.08.36.jpeg' title='' rel='lightbox-photonic-wp-stream-1' class='photonic-lb photonic-baguettebox baguettebox' data-photonic-media-type=\"image\" data-content-type=\"image\" data-photonic-deep=\"gallery[photonic-wp-stream-1]\/335\/\" data-title=\"&lt;a href=&#039;https:\/\/circulomercantilalmendralejo.com\/?attachment_id=335&#039; &gt;Sal\u00f3n caf\u00e9 1874&lt;\/a&gt;\">\n\t\t\t\t<img alt='Sal\u00f3n caf\u00e9 1874' class='random' data-src='https:\/\/circulomercantilalmendralejo.com\/wp-content\/uploads\/2023\/11\/WhatsApp-Image-2023-11-07-at-19.08.36.jpeg' loading='lazy' width='720' height='470' \/>\n\t\t\t<\/a>\n\t\t<\/figure>\n\t\t<figure class='photonic-level-1 photonic-thumb' style='--dw: 708;--dh: 607'>\n\t\t\t<a href='https:\/\/circulomercantilalmendralejo.com\/wp-content\/uploads\/2023\/11\/casita.jpg' title='' rel='lightbox-photonic-wp-stream-1' class='photonic-lb photonic-baguettebox baguettebox' data-photonic-media-type=\"image\" data-content-type=\"image\" data-photonic-deep=\"gallery[photonic-wp-stream-1]\/331\/\" data-title=\"&lt;a href=&#039;https:\/\/circulomercantilalmendralejo.com\/?attachment_id=331&#039; &gt;Primeras edificaciones&lt;\/a&gt;\">\n\t\t\t\t<img alt='Primeras edificaciones' class='random' data-src='https:\/\/circulomercantilalmendralejo.com\/wp-content\/uploads\/2023\/11\/casita.jpg' loading='lazy' width='708' height='607' \/>\n\t\t\t<\/a>\n\t\t<\/figure>\n\t\t<figure class='photonic-level-1 photonic-thumb' style='--dw: 396;--dh: 578'>\n\t\t\t<a href='https:\/\/circulomercantilalmendralejo.com\/wp-content\/uploads\/2023\/11\/WhatsApp-Image-2023-11-07-at-19.08.36-1.jpeg' title='' rel='lightbox-photonic-wp-stream-1' class='photonic-lb photonic-baguettebox baguettebox' data-photonic-media-type=\"image\" data-content-type=\"image\" data-photonic-deep=\"gallery[photonic-wp-stream-1]\/336\/\" data-title=\"&lt;a href=&#039;https:\/\/circulomercantilalmendralejo.com\/?attachment_id=336&#039; &gt;primera fachada&lt;\/a&gt;\">\n\t\t\t\t<img alt='primera fachada' class='random' data-src='https:\/\/circulomercantilalmendralejo.com\/wp-content\/uploads\/2023\/11\/WhatsApp-Image-2023-11-07-at-19.08.36-1.jpeg' loading='lazy' width='396' height='578' \/>\n\t\t\t<\/a>\n\t\t<\/figure>\n\t\t<figure class='photonic-level-1 photonic-thumb' style='--dw: 2000;--dh: 1500'>\n\t\t\t<a href='https:\/\/circulomercantilalmendralejo.com\/wp-content\/uploads\/2023\/11\/WhatsApp-Image-2023-11-07-at-19.08.36-4.jpeg' title='' rel='lightbox-photonic-wp-stream-1' class='photonic-lb photonic-baguettebox baguettebox' data-photonic-media-type=\"image\" data-content-type=\"image\" data-photonic-deep=\"gallery[photonic-wp-stream-1]\/332\/\" data-title=\"&lt;a href=&#039;https:\/\/circulomercantilalmendralejo.com\/?attachment_id=332&#039; &gt;Ver&lt;\/a&gt;\">\n\t\t\t\t<img alt='' class='random' data-src='https:\/\/circulomercantilalmendralejo.com\/wp-content\/uploads\/2023\/11\/WhatsApp-Image-2023-11-07-at-19.08.36-4.jpeg' loading='lazy' width='2000' height='1500' \/>\n\t\t\t<\/a>\n\t\t<\/figure>\n\n\t<\/div> <!-- .\/photonic-level-1-container -->\n\t<span id='photonic-wp-stream-1-container-end'><\/span>\n<\/div><!-- .photonic-stream or .photonic-panel -->\n","protected":false},"excerpt":{"rendered":"<p>El C\u00edrculo Mercantil, convertido en Sociedad An\u00f3nima desde 1973, se ha ido desarrollando desde sus inicios, en el siglo pasado, en cuatro etapas bien diferenciadas, aprovechando, all\u00e1 por el a\u00f1o 1874, un caf\u00e9 situado en el mismo lugar donde se encuentra actualmente. En 1916 se constituy\u00f3, siendo su primer presidente D. Juan Luengo Mart\u00ednez, como &hellip; <a href=\"https:\/\/circulomercantilalmendralejo.com\/?page_id=45\" class=\"more-link\">Sigue leyendo <span class=\"screen-reader-text\">Historia<\/span><\/a><\/p>\n","protected":false},"author":1,"featured_media":0,"parent":287,"menu_order":0,"comment_status":"closed","ping_status":"closed","template":"","meta":{"om_disable_all_campaigns":false,"_monsterinsights_skip_tracking":false,"_monsterinsights_sitenote_active":false,"_monsterinsights_sitenote_note":"","_monsterinsights_sitenote_category":0,"_uf_show_specific_survey":0,"_uf_disable_surveys":false,"footnotes":""},"class_list":["post-45","page","type-page","status-publish","hentry"],"yoast_head":"<!-- This site is optimized with the Yoast SEO plugin v27.3 - https:\/\/yoast.com\/product\/yoast-seo-wordpress\/ -->\n<title>Historia - C\u00edrculo Mercantil S.A<\/title>\n<meta name=\"robots\" content=\"index, follow, max-snippet:-1, max-image-preview:large, max-video-preview:-1\" \/>\n<link rel=\"canonical\" href=\"https:\/\/circulomercantilalmendralejo.com\/?page_id=45\" \/>\n<meta property=\"og:locale\" content=\"es_ES\" \/>\n<meta property=\"og:type\" content=\"article\" \/>\n<meta property=\"og:title\" content=\"Historia - C\u00edrculo Mercantil S.A\" \/>\n<meta property=\"og:description\" content=\"El C\u00edrculo Mercantil, convertido en Sociedad An\u00f3nima desde 1973, se ha ido desarrollando desde sus inicios, en el siglo pasado, en cuatro etapas bien diferenciadas, aprovechando, all\u00e1 por el a\u00f1o 1874, un caf\u00e9 situado en el mismo lugar donde se encuentra actualmente. En 1916 se constituy\u00f3, siendo su primer presidente D. Juan Luengo Mart\u00ednez, como &hellip; Sigue leyendo Historia\" \/>\n<meta property=\"og:url\" content=\"https:\/\/circulomercantilalmendralejo.com\/?page_id=45\" \/>\n<meta property=\"og:site_name\" content=\"C\u00edrculo Mercantil S.A\" \/>\n<meta property=\"article:modified_time\" content=\"2023-11-08T10:07:31+00:00\" \/>\n<meta name=\"twitter:card\" content=\"summary_large_image\" \/>\n<meta name=\"twitter:label1\" content=\"Tiempo de lectura\" \/>\n\t<meta name=\"twitter:data1\" content=\"2 minutos\" \/>\n<script type=\"application\/ld+json\" class=\"yoast-schema-graph\">{\"@context\":\"https:\\\/\\\/schema.org\",\"@graph\":[{\"@type\":\"WebPage\",\"@id\":\"https:\\\/\\\/circulomercantilalmendralejo.com\\\/?page_id=45\",\"url\":\"https:\\\/\\\/circulomercantilalmendralejo.com\\\/?page_id=45\",\"name\":\"Historia - C\u00edrculo Mercantil S.A\",\"isPartOf\":{\"@id\":\"https:\\\/\\\/circulomercantilalmendralejo.com\\\/#website\"},\"datePublished\":\"2023-08-29T08:40:24+00:00\",\"dateModified\":\"2023-11-08T10:07:31+00:00\",\"breadcrumb\":{\"@id\":\"https:\\\/\\\/circulomercantilalmendralejo.com\\\/?page_id=45#breadcrumb\"},\"inLanguage\":\"es\",\"potentialAction\":[{\"@type\":\"ReadAction\",\"target\":[\"https:\\\/\\\/circulomercantilalmendralejo.com\\\/?page_id=45\"]}]},{\"@type\":\"BreadcrumbList\",\"@id\":\"https:\\\/\\\/circulomercantilalmendralejo.com\\\/?page_id=45#breadcrumb\",\"itemListElement\":[{\"@type\":\"ListItem\",\"position\":1,\"name\":\"Portada\",\"item\":\"https:\\\/\\\/circulomercantilalmendralejo.com\\\/\"},{\"@type\":\"ListItem\",\"position\":2,\"name\":\"Instituci\u00f3n\",\"item\":\"https:\\\/\\\/circulomercantilalmendralejo.com\\\/?page_id=287\"},{\"@type\":\"ListItem\",\"position\":3,\"name\":\"Historia\"}]},{\"@type\":\"WebSite\",\"@id\":\"https:\\\/\\\/circulomercantilalmendralejo.com\\\/#website\",\"url\":\"https:\\\/\\\/circulomercantilalmendralejo.com\\\/\",\"name\":\"C\u00edrculo Mercantil S.A\",\"description\":\"El Casino de Almendralejo\",\"publisher\":{\"@id\":\"https:\\\/\\\/circulomercantilalmendralejo.com\\\/#organization\"},\"potentialAction\":[{\"@type\":\"SearchAction\",\"target\":{\"@type\":\"EntryPoint\",\"urlTemplate\":\"https:\\\/\\\/circulomercantilalmendralejo.com\\\/?s={search_term_string}\"},\"query-input\":{\"@type\":\"PropertyValueSpecification\",\"valueRequired\":true,\"valueName\":\"search_term_string\"}}],\"inLanguage\":\"es\"},{\"@type\":\"Organization\",\"@id\":\"https:\\\/\\\/circulomercantilalmendralejo.com\\\/#organization\",\"name\":\"C\u00edrculo Mercantil S.A\",\"url\":\"https:\\\/\\\/circulomercantilalmendralejo.com\\\/\",\"logo\":{\"@type\":\"ImageObject\",\"inLanguage\":\"es\",\"@id\":\"https:\\\/\\\/circulomercantilalmendralejo.com\\\/#\\\/schema\\\/logo\\\/image\\\/\",\"url\":\"https:\\\/\\\/circulomercantilalmendralejo.com\\\/wp-content\\\/uploads\\\/2023\\\/09\\\/cropped-nuevo-logo.png\",\"contentUrl\":\"https:\\\/\\\/circulomercantilalmendralejo.com\\\/wp-content\\\/uploads\\\/2023\\\/09\\\/cropped-nuevo-logo.png\",\"width\":248,\"height\":113,\"caption\":\"C\u00edrculo Mercantil S.A\"},\"image\":{\"@id\":\"https:\\\/\\\/circulomercantilalmendralejo.com\\\/#\\\/schema\\\/logo\\\/image\\\/\"}}]}<\/script>\n<!-- \/ Yoast SEO plugin. -->","yoast_head_json":{"title":"Historia - C\u00edrculo Mercantil S.A","robots":{"index":"index","follow":"follow","max-snippet":"max-snippet:-1","max-image-preview":"max-image-preview:large","max-video-preview":"max-video-preview:-1"},"canonical":"https:\/\/circulomercantilalmendralejo.com\/?page_id=45","og_locale":"es_ES","og_type":"article","og_title":"Historia - C\u00edrculo Mercantil S.A","og_description":"El C\u00edrculo Mercantil, convertido en Sociedad An\u00f3nima desde 1973, se ha ido desarrollando desde sus inicios, en el siglo pasado, en cuatro etapas bien diferenciadas, aprovechando, all\u00e1 por el a\u00f1o 1874, un caf\u00e9 situado en el mismo lugar donde se encuentra actualmente. En 1916 se constituy\u00f3, siendo su primer presidente D. Juan Luengo Mart\u00ednez, como &hellip; Sigue leyendo Historia","og_url":"https:\/\/circulomercantilalmendralejo.com\/?page_id=45","og_site_name":"C\u00edrculo Mercantil S.A","article_modified_time":"2023-11-08T10:07:31+00:00","twitter_card":"summary_large_image","twitter_misc":{"Tiempo de lectura":"2 minutos"},"schema":{"@context":"https:\/\/schema.org","@graph":[{"@type":"WebPage","@id":"https:\/\/circulomercantilalmendralejo.com\/?page_id=45","url":"https:\/\/circulomercantilalmendralejo.com\/?page_id=45","name":"Historia - C\u00edrculo Mercantil S.A","isPartOf":{"@id":"https:\/\/circulomercantilalmendralejo.com\/#website"},"datePublished":"2023-08-29T08:40:24+00:00","dateModified":"2023-11-08T10:07:31+00:00","breadcrumb":{"@id":"https:\/\/circulomercantilalmendralejo.com\/?page_id=45#breadcrumb"},"inLanguage":"es","potentialAction":[{"@type":"ReadAction","target":["https:\/\/circulomercantilalmendralejo.com\/?page_id=45"]}]},{"@type":"BreadcrumbList","@id":"https:\/\/circulomercantilalmendralejo.com\/?page_id=45#breadcrumb","itemListElement":[{"@type":"ListItem","position":1,"name":"Portada","item":"https:\/\/circulomercantilalmendralejo.com\/"},{"@type":"ListItem","position":2,"name":"Instituci\u00f3n","item":"https:\/\/circulomercantilalmendralejo.com\/?page_id=287"},{"@type":"ListItem","position":3,"name":"Historia"}]},{"@type":"WebSite","@id":"https:\/\/circulomercantilalmendralejo.com\/#website","url":"https:\/\/circulomercantilalmendralejo.com\/","name":"C\u00edrculo Mercantil S.A","description":"El Casino de Almendralejo","publisher":{"@id":"https:\/\/circulomercantilalmendralejo.com\/#organization"},"potentialAction":[{"@type":"SearchAction","target":{"@type":"EntryPoint","urlTemplate":"https:\/\/circulomercantilalmendralejo.com\/?s={search_term_string}"},"query-input":{"@type":"PropertyValueSpecification","valueRequired":true,"valueName":"search_term_string"}}],"inLanguage":"es"},{"@type":"Organization","@id":"https:\/\/circulomercantilalmendralejo.com\/#organization","name":"C\u00edrculo Mercantil S.A","url":"https:\/\/circulomercantilalmendralejo.com\/","logo":{"@type":"ImageObject","inLanguage":"es","@id":"https:\/\/circulomercantilalmendralejo.com\/#\/schema\/logo\/image\/","url":"https:\/\/circulomercantilalmendralejo.com\/wp-content\/uploads\/2023\/09\/cropped-nuevo-logo.png","contentUrl":"https:\/\/circulomercantilalmendralejo.com\/wp-content\/uploads\/2023\/09\/cropped-nuevo-logo.png","width":248,"height":113,"caption":"C\u00edrculo Mercantil S.A"},"image":{"@id":"https:\/\/circulomercantilalmendralejo.com\/#\/schema\/logo\/image\/"}}]}},"_links":{"self":[{"href":"https:\/\/circulomercantilalmendralejo.com\/index.php?rest_route=\/wp\/v2\/pages\/45","targetHints":{"allow":["GET"]}}],"collection":[{"href":"https:\/\/circulomercantilalmendralejo.com\/index.php?rest_route=\/wp\/v2\/pages"}],"about":[{"href":"https:\/\/circulomercantilalmendralejo.com\/index.php?rest_route=\/wp\/v2\/types\/page"}],"author":[{"embeddable":true,"href":"https:\/\/circulomercantilalmendralejo.com\/index.php?rest_route=\/wp\/v2\/users\/1"}],"replies":[{"embeddable":true,"href":"https:\/\/circulomercantilalmendralejo.com\/index.php?rest_route=%2Fwp%2Fv2%2Fcomments&post=45"}],"version-history":[{"count":5,"href":"https:\/\/circulomercantilalmendralejo.com\/index.php?rest_route=\/wp\/v2\/pages\/45\/revisions"}],"predecessor-version":[{"id":338,"href":"https:\/\/circulomercantilalmendralejo.com\/index.php?rest_route=\/wp\/v2\/pages\/45\/revisions\/338"}],"up":[{"embeddable":true,"href":"https:\/\/circulomercantilalmendralejo.com\/index.php?rest_route=\/wp\/v2\/pages\/287"}],"wp:attachment":[{"href":"https:\/\/circulomercantilalmendralejo.com\/index.php?rest_route=%2Fwp%2Fv2%2Fmedia&parent=45"}],"curies":[{"name":"wp","href":"https:\/\/api.w.org\/{rel}","templated":true}]}}